{"id":5865,"date":"2023-12-15T17:23:37","date_gmt":"2023-12-15T16:23:37","guid":{"rendered":"https:\/\/azzurraviaggi.it\/?post_type=trip&#038;p=5865"},"modified":"2026-01-22T15:33:36","modified_gmt":"2026-01-22T14:33:36","slug":"la-magia-del-nord","status":"publish","type":"trip","link":"https:\/\/azzurraviaggi.it\/it\/viaggio\/la-magia-del-nord\/","title":{"rendered":"SPECIALE PARTENZA DI GRUPPO &#8220;AZZURRA VIAGGI&#8221; &#8211; Richiamo Artico: Quando l&#8217;Islanda si colora di Magia"},"content":{"rendered":"\n\n\n\n\n\n\n\n<p>\u00a0<\/p>\n<p class=\"cvGsUA direction-ltr align-center para-style-body\"><span class=\"a_GcMg font-feature-liga-off font-feature-clig-off font-feature-calt-off text-decoration-none text-strikethrough-none\">Immagina un viaggio dove la terra respira e le luci del cielo danzano.<\/span><\/p>\n<p class=\"cvGsUA direction-ltr align-center para-style-body\"><span class=\"a_GcMg font-feature-liga-off font-feature-clig-off font-feature-calt-off text-decoration-none text-strikethrough-none\">Benvenuto in Islanda, la terra del ghiaccio e del fuoco, un&#8217;isola di contrasti che ti lascer\u00e0 senza fiato.<\/span><\/p>\n<p class=\"cvGsUA direction-ltr align-center para-style-body\"><span class=\"a_GcMg font-feature-liga-off font-feature-clig-off font-feature-calt-off text-decoration-none text-strikethrough-none\">Dalla vivace capitale di Reykjav\u00edk fino alla maestosa penisola di Sn\u00e6fellsnes, dove i paesaggi lunari si fondono con la magia dei ghiacciai. Ammirerai i tesori del Circolo d&#8217;Oro, un percorso che racchiude geyser, cascate e meraviglie geologiche, per poi rimanere incantato di fronte alla bellezza eterea della Laguna Glaciale di J\u00f6kuls\u00e1rl\u00f3n,<\/span><\/p>\n<p class=\"cvGsUA direction-ltr align-center para-style-body\"><span class=\"a_GcMg font-feature-liga-off font-feature-clig-off font-feature-calt-off text-decoration-none text-strikethrough-none\">un capolavoro della natura.<\/span><\/p>\n<p class=\"cvGsUA direction-ltr align-center para-style-body\"><span class=\"a_GcMg font-feature-liga-off font-feature-clig-off font-feature-calt-off text-decoration-none text-strikethrough-none\">Preparati a un&#8217;avventura indimenticabile targata #AzzurraViaggi, dove ogni passo \u00e8 una scoperta e ogni panorama un&#8217;emozione.<\/span><\/p>\n\n\n\n","protected":false},"excerpt":{"rendered":"<p>Immagina un viaggio dove la terra respira e le luci del cielo danzano.<\/p>\n<p>Benvenuto in Islanda, la terra del ghiaccio e del fuoco, un&#8217;isola di contrasti che ti lascer\u00e0 senza fiato.<\/p>\n<p>Dalla vivace capitale di Reykjav\u00edk fino alla maestosa penisola di Sn\u00e6fellsnes, dove i paesaggi lunari si fondono con la magia dei ghiacciai. Ammirerai i tesori del Circolo d&#8217;Oro, un percorso che racchiude geyser, cascate e meraviglie geologiche, per poi rimanere incantato di fronte alla bellezza eterea della Laguna Glaciale di J\u00f6kuls\u00e1rl\u00f3n,<\/p>\n<p>un capolavoro della natura.<br \/>\nPreparati a un&#8217;avventura indimenticabile targata #AzzurraViaggi, dove ogni passo \u00e8 una scoperta<\/p>\n","protected":false},"author":4,"featured_media":6649,"comment_status":"open","ping_status":"open","template":"","destination":[113],"activities":[71],"trip_types":[46,47],"difficulty":[57],"trip_tag":[82,78,91],"class_list":["post-5865","trip","type-trip","status-publish","has-post-thumbnail","hentry","destination-europa","activities-gruppo","trip_types-travel","trip_types-rainbow","difficulty-easy","trip_tag-azzurraviaggintour","trip_tag-gruppiazzurraviaggi","trip_tag-inviaggioconazzurra"],"packages_ids":[5866],"trip_extras":[0],"cut_off_time":{"enabled":false,"duration":0,"duration_unit":"days"},"booked-seats":[],"trip_extra_services":{},"acf":[],"yoast_head":"<!-- This site is optimized with the Yoast SEO plugin v25.5 - https:\/\/yoast.com\/wordpress\/plugins\/seo\/ -->\n<title>SPECIALE PARTENZA DI GRUPPO &quot;AZZURRA VIAGGI&quot; - Richiamo Artico: Quando l&#039;Islanda si colora di Magia - AZZURRA VIAGGI<\/title>\n<meta name=\"robots\" content=\"index, follow, max-snippet:-1, max-image-preview:large, max-video-preview:-1\" \/>\n<link rel=\"canonical\" href=\"https:\/\/azzurraviaggi.it\/it\/viaggio\/la-magia-del-nord\/\" \/>\n<meta property=\"og:locale\" content=\"it_IT\" \/>\n<meta property=\"og:type\" content=\"article\" \/>\n<meta property=\"og:title\" content=\"SPECIALE PARTENZA DI GRUPPO &quot;AZZURRA VIAGGI&quot; - Richiamo Artico: Quando l&#039;Islanda si colora di Magia - AZZURRA VIAGGI\" \/>\n<meta property=\"og:description\" content=\"Immagina un viaggio dove la terra respira e le luci del cielo danzano. Benvenuto in Islanda, la terra del ghiaccio e del fuoco, un&#039;isola di contrasti che ti lascer\u00e0 senza fiato. Dalla vivace capitale di Reykjav\u00edk fino alla maestosa penisola di Sn\u00e6fellsnes, dove i paesaggi lunari si fondono con la magia dei ghiacciai. Ammirerai i tesori del Circolo d&#039;Oro, un percorso che racchiude geyser, cascate e meraviglie geologiche, per poi rimanere incantato di fronte alla bellezza eterea della Laguna Glaciale di J\u00f6kuls\u00e1rl\u00f3n, un capolavoro della natura. Preparati a un&#039;avventura indimenticabile targata #AzzurraViaggi, dove ogni passo \u00e8 una scoperta\" \/>\n<meta property=\"og:url\" content=\"https:\/\/azzurraviaggi.it\/it\/viaggio\/la-magia-del-nord\/\" \/>\n<meta property=\"og:site_name\" content=\"AZZURRA VIAGGI\" \/>\n<meta property=\"article:modified_time\" content=\"2026-01-22T14:33:36+00:00\" \/>\n<meta name=\"twitter:card\" content=\"summary_large_image\" \/>\n<meta name=\"twitter:label1\" content=\"Tempo di lettura stimato\" \/>\n\t<meta name=\"twitter:data1\" content=\"6 minuti\" \/>\n<script type=\"application\/ld+json\" class=\"yoast-schema-graph\">{\"@context\":\"https:\/\/schema.org\",\"@graph\":[{\"@type\":\"WebPage\",\"@id\":\"https:\/\/azzurraviaggi.it\/it\/viaggio\/la-magia-del-nord\/\",\"url\":\"https:\/\/azzurraviaggi.it\/it\/viaggio\/la-magia-del-nord\/\",\"name\":\"SPECIALE PARTENZA DI GRUPPO \\\"AZZURRA VIAGGI\\\" - Richiamo Artico: Quando l'Islanda si colora di Magia - AZZURRA VIAGGI\",\"isPartOf\":{\"@id\":\"https:\/\/azzurraviaggi.it\/it\/#website\"},\"primaryImageOfPage\":{\"@id\":\"https:\/\/azzurraviaggi.it\/it\/viaggio\/la-magia-del-nord\/#primaryimage\"},\"image\":{\"@id\":\"https:\/\/azzurraviaggi.it\/it\/viaggio\/la-magia-del-nord\/#primaryimage\"},\"thumbnailUrl\":\"https:\/\/azzurraviaggi.it\/wp-content\/uploads\/2024\/07\/norvegia3-1.avif\",\"datePublished\":\"2023-12-15T16:23:37+00:00\",\"dateModified\":\"2026-01-22T14:33:36+00:00\",\"breadcrumb\":{\"@id\":\"https:\/\/azzurraviaggi.it\/it\/viaggio\/la-magia-del-nord\/#breadcrumb\"},\"inLanguage\":\"it-IT\",\"potentialAction\":[{\"@type\":\"ReadAction\",\"target\":[\"https:\/\/azzurraviaggi.it\/it\/viaggio\/la-magia-del-nord\/\"]}]},{\"@type\":\"ImageObject\",\"inLanguage\":\"it-IT\",\"@id\":\"https:\/\/azzurraviaggi.it\/it\/viaggio\/la-magia-del-nord\/#primaryimage\",\"url\":\"https:\/\/azzurraviaggi.it\/wp-content\/uploads\/2024\/07\/norvegia3-1.avif\",\"contentUrl\":\"https:\/\/azzurraviaggi.it\/wp-content\/uploads\/2024\/07\/norvegia3-1.avif\",\"width\":382,\"height\":200},{\"@type\":\"BreadcrumbList\",\"@id\":\"https:\/\/azzurraviaggi.it\/it\/viaggio\/la-magia-del-nord\/#breadcrumb\",\"itemListElement\":[{\"@type\":\"ListItem\",\"position\":1,\"name\":\"Home\",\"item\":\"https:\/\/azzurraviaggi.it\/it\/\"},{\"@type\":\"ListItem\",\"position\":2,\"name\":\"Trips\",\"item\":\"https:\/\/azzurraviaggi.it\/it\/viaggio\/\"},{\"@type\":\"ListItem\",\"position\":3,\"name\":\"SPECIALE PARTENZA DI GRUPPO &#8220;AZZURRA VIAGGI&#8221; &#8211; Richiamo Artico: Quando l&#8217;Islanda si colora di Magia\"}]},{\"@type\":\"WebSite\",\"@id\":\"https:\/\/azzurraviaggi.it\/it\/#website\",\"url\":\"https:\/\/azzurraviaggi.it\/it\/\",\"name\":\"AZZURRA VIAGGI\",\"description\":\"\",\"publisher\":{\"@id\":\"https:\/\/azzurraviaggi.it\/it\/#organization\"},\"potentialAction\":[{\"@type\":\"SearchAction\",\"target\":{\"@type\":\"EntryPoint\",\"urlTemplate\":\"https:\/\/azzurraviaggi.it\/it\/?s={search_term_string}\"},\"query-input\":{\"@type\":\"PropertyValueSpecification\",\"valueRequired\":true,\"valueName\":\"search_term_string\"}}],\"inLanguage\":\"it-IT\"},{\"@type\":\"Organization\",\"@id\":\"https:\/\/azzurraviaggi.it\/it\/#organization\",\"name\":\"AZZURRA VIAGGI\",\"url\":\"https:\/\/azzurraviaggi.it\/it\/\",\"logo\":{\"@type\":\"ImageObject\",\"inLanguage\":\"it-IT\",\"@id\":\"https:\/\/azzurraviaggi.it\/it\/#\/schema\/logo\/image\/\",\"url\":\"https:\/\/azzurraviaggi.it\/wp-content\/uploads\/2023\/07\/AZZURRA-VIAGGI_pictogram-1.png\",\"contentUrl\":\"https:\/\/azzurraviaggi.it\/wp-content\/uploads\/2023\/07\/AZZURRA-VIAGGI_pictogram-1.png\",\"width\":332,\"height\":300,\"caption\":\"AZZURRA VIAGGI\"},\"image\":{\"@id\":\"https:\/\/azzurraviaggi.it\/it\/#\/schema\/logo\/image\/\"}}]}<\/script>\n<!-- \/ Yoast SEO plugin. -->","yoast_head_json":{"title":"SPECIALE PARTENZA DI GRUPPO \"AZZURRA VIAGGI\" - Richiamo Artico: Quando l'Islanda si colora di Magia - AZZURRA VIAGGI","robots":{"index":"index","follow":"follow","max-snippet":"max-snippet:-1","max-image-preview":"max-image-preview:large","max-video-preview":"max-video-preview:-1"},"canonical":"https:\/\/azzurraviaggi.it\/it\/viaggio\/la-magia-del-nord\/","og_locale":"it_IT","og_type":"article","og_title":"SPECIALE PARTENZA DI GRUPPO \"AZZURRA VIAGGI\" - Richiamo Artico: Quando l'Islanda si colora di Magia - AZZURRA VIAGGI","og_description":"Immagina un viaggio dove la terra respira e le luci del cielo danzano. Benvenuto in Islanda, la terra del ghiaccio e del fuoco, un'isola di contrasti che ti lascer\u00e0 senza fiato. Dalla vivace capitale di Reykjav\u00edk fino alla maestosa penisola di Sn\u00e6fellsnes, dove i paesaggi lunari si fondono con la magia dei ghiacciai. Ammirerai i tesori del Circolo d'Oro, un percorso che racchiude geyser, cascate e meraviglie geologiche, per poi rimanere incantato di fronte alla bellezza eterea della Laguna Glaciale di J\u00f6kuls\u00e1rl\u00f3n, un capolavoro della natura. Preparati a un'avventura indimenticabile targata #AzzurraViaggi, dove ogni passo \u00e8 una scoperta","og_url":"https:\/\/azzurraviaggi.it\/it\/viaggio\/la-magia-del-nord\/","og_site_name":"AZZURRA VIAGGI","article_modified_time":"2026-01-22T14:33:36+00:00","twitter_card":"summary_large_image","twitter_misc":{"Tempo di lettura stimato":"6 minuti"},"schema":{"@context":"https:\/\/schema.org","@graph":[{"@type":"WebPage","@id":"https:\/\/azzurraviaggi.it\/it\/viaggio\/la-magia-del-nord\/","url":"https:\/\/azzurraviaggi.it\/it\/viaggio\/la-magia-del-nord\/","name":"SPECIALE PARTENZA DI GRUPPO \"AZZURRA VIAGGI\" - Richiamo Artico: Quando l'Islanda si colora di Magia - AZZURRA VIAGGI","isPartOf":{"@id":"https:\/\/azzurraviaggi.it\/it\/#website"},"primaryImageOfPage":{"@id":"https:\/\/azzurraviaggi.it\/it\/viaggio\/la-magia-del-nord\/#primaryimage"},"image":{"@id":"https:\/\/azzurraviaggi.it\/it\/viaggio\/la-magia-del-nord\/#primaryimage"},"thumbnailUrl":"https:\/\/azzurraviaggi.it\/wp-content\/uploads\/2024\/07\/norvegia3-1.avif","datePublished":"2023-12-15T16:23:37+00:00","dateModified":"2026-01-22T14:33:36+00:00","breadcrumb":{"@id":"https:\/\/azzurraviaggi.it\/it\/viaggio\/la-magia-del-nord\/#breadcrumb"},"inLanguage":"it-IT","potentialAction":[{"@type":"ReadAction","target":["https:\/\/azzurraviaggi.it\/it\/viaggio\/la-magia-del-nord\/"]}]},{"@type":"ImageObject","inLanguage":"it-IT","@id":"https:\/\/azzurraviaggi.it\/it\/viaggio\/la-magia-del-nord\/#primaryimage","url":"https:\/\/azzurraviaggi.it\/wp-content\/uploads\/2024\/07\/norvegia3-1.avif","contentUrl":"https:\/\/azzurraviaggi.it\/wp-content\/uploads\/2024\/07\/norvegia3-1.avif","width":382,"height":200},{"@type":"BreadcrumbList","@id":"https:\/\/azzurraviaggi.it\/it\/viaggio\/la-magia-del-nord\/#breadcrumb","itemListElement":[{"@type":"ListItem","position":1,"name":"Home","item":"https:\/\/azzurraviaggi.it\/it\/"},{"@type":"ListItem","position":2,"name":"Trips","item":"https:\/\/azzurraviaggi.it\/it\/viaggio\/"},{"@type":"ListItem","position":3,"name":"SPECIALE PARTENZA DI GRUPPO &#8220;AZZURRA VIAGGI&#8221; &#8211; Richiamo Artico: Quando l&#8217;Islanda si colora di Magia"}]},{"@type":"WebSite","@id":"https:\/\/azzurraviaggi.it\/it\/#website","url":"https:\/\/azzurraviaggi.it\/it\/","name":"AZZURRA VIAGGI","description":"","publisher":{"@id":"https:\/\/azzurraviaggi.it\/it\/#organization"},"potentialAction":[{"@type":"SearchAction","target":{"@type":"EntryPoint","urlTemplate":"https:\/\/azzurraviaggi.it\/it\/?s={search_term_string}"},"query-input":{"@type":"PropertyValueSpecification","valueRequired":true,"valueName":"search_term_string"}}],"inLanguage":"it-IT"},{"@type":"Organization","@id":"https:\/\/azzurraviaggi.it\/it\/#organization","name":"AZZURRA VIAGGI","url":"https:\/\/azzurraviaggi.it\/it\/","logo":{"@type":"ImageObject","inLanguage":"it-IT","@id":"https:\/\/azzurraviaggi.it\/it\/#\/schema\/logo\/image\/","url":"https:\/\/azzurraviaggi.it\/wp-content\/uploads\/2023\/07\/AZZURRA-VIAGGI_pictogram-1.png","contentUrl":"https:\/\/azzurraviaggi.it\/wp-content\/uploads\/2023\/07\/AZZURRA-VIAGGI_pictogram-1.png","width":332,"height":300,"caption":"AZZURRA VIAGGI"},"image":{"@id":"https:\/\/azzurraviaggi.it\/it\/#\/schema\/logo\/image\/"}}]}},"code":"WTE-5063","price":2189,"has_sale":false,"sale_price":0,"discount_percent":0,"currency":{"code":"EUR","symbol":"&euro;"},"duration":{"days":5,"nights":4,"duration_unit":"days","duration_type":"both"},"primary_category":51,"available_times":{"type":"default","items":["2021-1-01","2021-2-01","2021-3-01","2021-4-01","2021-5-01","2021-6-01","2021-7-01","2021-8-01","2021-9-01","2021-10-01","2021-11-01","2021-12-01"]},"min_pax":12,"max_pax":18,"description":"<blockquote>\n<p>I tour di gruppo targati #azzurraviaggi sono pensati per tutti coloro che sognano di viaggiare e scoprire il modo senza nessun pensiero o preoccupazione, avendo sempre una persona di riferimento per tutta la durata della vacanza o del tour e , anche se si parte da soli si finisce per ritrovarsi poi circondati da amici tra risate e divertimento, ottimizzando ogni momento della tua vacanza!<\/p>\n<\/blockquote>\n<p><strong>PUNTI DI FORZA:<\/strong><\/p>\n<ul>\n<li>Toglie tutti i pensieri<\/li>\n<li>Parti da solo ma non sei da solo<\/li>\n<li>Incentiva nuove amicizie<\/li>\n<li>Ottimizza i tempi<\/li>\n<li>Hai sempre una persona di riferimento prima, dopo e durante la vacanza<\/li>\n<li>Si possono scoprire quei luoghi o quelle destinazioni che da soli non si prenderebbero nemmeno in considerazione<\/li>\n<li>Risparmi grazie a tariffe ad hoc<\/li>\n<\/ul>","cost_includes":"\u2022\tVolo da Venezia \n\u2022\tFranchigia bagaglio in stiva 1 pz max 20 kg \u2013 franchigia bagaglio in cabina 1 max 5 kg\n\u2022\tPernottamenti in camera doppia con servizi privati e trattamento come indicato in programma\n\u2022\tTrasferimenti, visite, attivit\u00e0 come indicato in programma\n\u2022\tAssicurazione medico bagaglio\n\u2022\tAccompagnatore Azzurra Viaggi","cost_excludes":"\u2022\tSpese iscrizione: adulti \u20ac 30 \/ bambini (2-13 anni) \u20ac 20\r\n\u2022\tBevande, vino, facchinaggio, mance, gli extra in genere e tutto quanto non espressamente indicato in programma\r\n\u2022\tVisite, attivit\u00e0 ed escursioni facoltative\r\n\u2022\tPolizza assicurativa annullamento facoltativa\r\n\r\n* ATTENZIONE PREZZO A PARTIRE DA, SOGGETTO A RICONFERMA AL MOMENTO DELLA PRENOTAZIONE*","itineraries":[{"title":"Venezia\/ Reykjav\u00edk via Francoforte","content":"<p>Incontro in aeroporto a Venezia con la vostra assistente Azzurra Viaggi in tempo utile per il disbrigo delle pratiche aeroportuali.<\/p>\n<p>Volo con scalo a Francoforte, una volta giunti a destinazione, trasferimento dall\u2019aeroporto di Keflav\u00edk fino alla vostra sistemazione a Reykjav\u00edk. La sera, come tutte le sere del viaggio, tenete <span class=\"citation-167 citation-end-167\">gli occhi aperti alla ricerca dell\u2019aurora boreale che appare nel cielo invernale quando le condizioni lo permettono.<\/span><\/p>\n<p><span class=\"citation-166 citation-end-166\">Escursione facoltativa: escursione di gruppo a caccia dell\u2019aurora boreale.<\/span><\/p>\n<p>Cena libera e Pernottamento in hotel<\/p>"},{"title":"Reykjav\u00edk.- Il Circolo d'Oro THINGVELLIR \u2013 GEYSIR \u2013 GULLFOSS \u2013 FRI\u00d0HEIMAR","content":"<p>In mattinata, dopo la prima colazione, iniziamo il nostro viaggio dirigendoci verso il parco nazionale di \u00deingvellir, un sito patrimonio mondiale dell'UNESCO. \u00deingvellir \u00e8 un luogo di grande interesse sia dal punto di vista geologico che storico. Qui potete ammirare gli effetti dei movimenti delle placche tettoniche che hanno aperto diverse crepe e fessure nella crosta terrestre. Inoltre \u00e8 qui che nel X secolo fu fondato il parlamento islandese, il che lo rende il parlamento pi\u00f9 antico del mondo.<\/p>\n<p>Proseguendo il nostro Circolo d'Oro ci fermiamo alla magnifica <b>Gullfoss<\/b>, una spettacolare cascata che gli islandesi chiamano <b>\"la cascata dorata\"<\/b>.<\/p>\n<p>Quindi abbiamo solo un breve tragitto in auto per raggiungere il famoso sito geotermico di <b>Geysir<\/b> con pozze di fango ribollente e la sorgente termale di <b>Strokkur<\/b>, che erutta altissime colonne d'acqua e vapore ogni 5-10 minuti. Il momento dell'eruzione \u00e8 davvero uno spettacolo, nonch\u00e9 uno dei tanti momenti fotografici perfetti in Islanda. Numerose altre piccole sorgenti ribollono e gorgogliano tutt'intorno. Qui si trovano anche le sorgenti calde di Geysir, la fonte che ha dato il nome al fenomeno in tutto il mondo.<\/p>\n<p>Oggi <span class=\"citation-165\">ci fermiamo anche all'interessante centro di coltivazione di <\/span><b><span class=\"citation-165\">Fri\u00f0heimar<\/span><\/b><span class=\"citation-165 citation-end-165\">, dove potremo vedere come gli agricoltori islandesi impiegano la geotermia in Islanda per coltivare verdure tutto l'anno. Potremo anche assaggiare alcune prelibatezze. Le ser<\/span>re,calde e luminose con qualsiasi condizione meteo<\/p>\n<p>Rientro in hotel, cena libera e Pernottamento in hotel<\/p>"},{"title":"COSTA MERIDIONALE","content":"<p>In mattinata, dopo la prima colazione<span class=\"citation-164\">\u00a0iniziamo la giornata dirigendoci verso la costa meridionale, una delle principali regioni agricole del Paese. Lungo questo tragitto possiamo vedere in lontananza due dei vulcani pi\u00f9 famosi: il monte <\/span><b><span class=\"citation-164\">Hekla<\/span><\/b><span class=\"citation-164\"> (l'ultima eruzione risale al 2000) e il famoso <\/span><b><span class=\"citation-164\">Eyjafjallaj\u00f6kull<\/span><\/b><span class=\"citation-164 citation-end-164\"> (che erutt\u00f2 invece nel 2010).<\/span><\/p>\n<p><span class=\"citation-163\">Le nostre fermate includono la cascata <\/span><b><span class=\"citation-163\">Seljalandsfoss<\/span><\/b><span class=\"citation-163\">, una piccola ma pittoresca cascata. Se le condizioni lo consentono, si pu\u00f2 effettivamente camminare dietro la cascata, cos\u00ec da percepirne la potenza e avere una vista insolita e fiabesca del mantello d'acqua. Proseguiamo poi verso <\/span><b><span class=\"citation-163\">Sk\u00f3gar<\/span><\/b><span class=\"citation-163\">, dove daremo un\u2019occhiata alla cascata <\/span><b><span class=\"citation-163\">Sk\u00f3gafoss<\/span><\/b><span class=\"citation-163 citation-end-163\">, una delle pi\u00f9 alte d'Islanda.<\/span><\/p>\n<p><span class=\"citation-162\">La spiaggia di <\/span><b><span class=\"citation-162\">Reynisfjara<\/span><\/b><span class=\"citation-162 citation-end-162\"> \u2013 una spiaggia con sabbia nera, enormi faraglioni di basalto, ruggenti onde dell'Atlantico e panorami mozzafiato \u2013 sar\u00e0 l'ultima tappa della giornata prima di rientrare a Reykjav\u00edk.<\/span><\/p>\n<p>Rientro a Reykjav\u00edk per il pernottamento. Cena libera e pernottamento in hotel.<\/p>"},{"title":"AVVISTAMENTO DELLE BALENE (OPTIONAL) \u2013 GIRO PANORAMICO DI REYKJAV\u00cdK \u2013 BAGNO TERMALE","content":"<!-- wp:paragraph -->\n<p>Dopo la colazione in hotel, alle ore 08:00 incontro con la vostra assistente nella lobby e partenza per l\u2019escursione <strong>\u201cIl Cerchio d'Oro e la Secret Lagoon\u201d<\/strong><\/p>\n<!-- \/wp:paragraph -->\n\n<!-- wp:paragraph -->\n<p>L'avventura prosegue verso la maestosa Gullfoss, la cascata dorata, dove il fragore dell'acqua glaciale che si tasta nel canyon ti lascer\u00e0 senza fiato. Ma il vero tesoro ti aspetta alla fine del viaggio: la Secret Lagoon. Immagina di immergerti nelle acque termali pi\u00f9 antiche d'Islanda, avvolto dal vapore e dal calore naturale, mentre fuori il paesaggio artico ti circonda. \u00c8 il connubio perfetto tra l'emozione della scoperta e la pace di un abbraccio geotermale.<\/p>\n<!-- \/wp:paragraph -->\n\n<!-- wp:paragraph -->\n<p>Parti per un viaggio indimenticabile lungo la rotta pi\u00f9 amata d'Islanda, dove la storia dei Vichinghi incontra la forza primordiale della natura. Camminerai tra i giganti a \u00deingvellir, il parco nazionale dove i continenti si separano fisicamente davanti ai tuoi occhi, per poi lasciarti stupire dalla potenza della terra a Geysir: qui il soffio del vapore sfida il cielo con eruzioni spettacolari ogni pochi minuti.<\/p>\n<!-- \/wp:paragraph -->\n\n<!-- wp:paragraph -->\n<p>Rientro in hotel cena libera e pernottamento<\/p>\n<!-- \/wp:paragraph -->"},{"title":"Reykjavik \/ Milano","content":"<!-- wp:paragraph -->\n<p>Colazione in hotel e mattinata a disposizione per gli ultimi acquisti. Pranzo libero. <\/p>\n<!-- \/wp:paragraph -->\n\n<!-- wp:paragraph -->\n<p>Nel primo pomeriggio trasferimento privato dall'hotel all'aeroporto di Keflav\u00edk in tempo utile per il disbrigo delle pratiche d'imbarco. <\/p>\n<!-- \/wp:paragraph -->\n\n<!-- wp:paragraph -->\n<p>Volo di rientro a Venezia con scalo a Francoforte<\/p>\n<!-- \/wp:paragraph -->"}],"faqs":[],"is_featured":false,"trip_reviews":{"reviews":[],"average":0,"count":0},"featured_image":{"width":382,"height":200,"file":"2024\/07\/norvegia3-1.avif","filesize":6864,"sizes":{},"image_meta":{"aperture":"0","credit":"","camera":"","caption":"","created_timestamp":"0","copyright":"","focal_length":"0","iso":"0","shutter_speed":"0","title":"","orientation":"0","keywords":[]}},"_links":{"self":[{"href":"https:\/\/azzurraviaggi.it\/it\/wp-json\/wp\/v2\/trip\/5865","targetHints":{"allow":["GET"]}}],"collection":[{"href":"https:\/\/azzurraviaggi.it\/it\/wp-json\/wp\/v2\/trip"}],"about":[{"href":"https:\/\/azzurraviaggi.it\/it\/wp-json\/wp\/v2\/types\/trip"}],"author":[{"embeddable":true,"href":"https:\/\/azzurraviaggi.it\/it\/wp-json\/wp\/v2\/users\/4"}],"replies":[{"embeddable":true,"href":"https:\/\/azzurraviaggi.it\/it\/wp-json\/wp\/v2\/comments?post=5865"}],"version-history":[{"count":4,"href":"https:\/\/azzurraviaggi.it\/it\/wp-json\/wp\/v2\/trip\/5865\/revisions"}],"predecessor-version":[{"id":7352,"href":"https:\/\/azzurraviaggi.it\/it\/wp-json\/wp\/v2\/trip\/5865\/revisions\/7352"}],"wp:featuredmedia":[{"embeddable":true,"href":"https:\/\/azzurraviaggi.it\/it\/wp-json\/wp\/v2\/media\/6649"}],"wp:attachment":[{"href":"https:\/\/azzurraviaggi.it\/it\/wp-json\/wp\/v2\/media?parent=5865"}],"wp:term":[{"taxonomy":"destination","embeddable":true,"href":"https:\/\/azzurraviaggi.it\/it\/wp-json\/wp\/v2\/destination?post=5865"},{"taxonomy":"activities","embeddable":true,"href":"https:\/\/azzurraviaggi.it\/it\/wp-json\/wp\/v2\/activities?post=5865"},{"taxonomy":"trip_types","embeddable":true,"href":"https:\/\/azzurraviaggi.it\/it\/wp-json\/wp\/v2\/trip_types?post=5865"},{"taxonomy":"difficulty","embeddable":true,"href":"https:\/\/azzurraviaggi.it\/it\/wp-json\/wp\/v2\/difficulty?post=5865"},{"taxonomy":"trip_tag","embeddable":true,"href":"https:\/\/azzurraviaggi.it\/it\/wp-json\/wp\/v2\/trip_tag?post=5865"}],"curies":[{"name":"wp","href":"https:\/\/api.w.org\/{rel}","templated":true}]}}