{"id":7346,"date":"2025-12-03T19:11:21","date_gmt":"2025-12-03T18:11:21","guid":{"rendered":"https:\/\/azzurraviaggi.it\/?post_type=trip&#038;p=7346"},"modified":"2025-12-03T19:27:35","modified_gmt":"2025-12-03T18:27:35","slug":"speciale-partenza-di-gruppo-azzurra-viaggi-amsterdam-zaanse-scaans-dal-13-al-15-marzo-2026","status":"publish","type":"trip","link":"https:\/\/azzurraviaggi.it\/it\/viaggio\/speciale-partenza-di-gruppo-azzurra-viaggi-amsterdam-zaanse-scaans-dal-13-al-15-marzo-2026\/","title":{"rendered":"SPECIALE PARTENZA DI GRUPPO AZZURRA VIAGGI &#8211; AMSTERDAM &amp; Zaanse Scaans dal 13 al 15 Marzo 2026"},"content":{"rendered":"\n<p>Regalatevi un weekend di contrasti unici  Un viaggio indimenticabile che unisce la vibrante energia di <strong>Amsterdam<\/strong>\u2014tra arte, design e canali iconici\u2014alla serenit\u00e0 della campagna. Ci sposteremo a <strong>Zaanse Schans<\/strong>, il pittoresco villaggio dei mulini a vento e delle case verdi, dove il tempo si \u00e8 fermato. Storia, modernit\u00e0 e natura in due giorni intensi. Pronti a scoprire l&#8217;anima pi\u00f9 autentica e fiabesca dei Paesi Bassi?<\/p>\n\n\n\n\n","protected":false},"excerpt":{"rendered":"<p>Regalatevi un weekend di contrasti unici  Un viaggio indimenticabile che unisce la vibrante energia di Amsterdam\u2014tra arte, design e canali iconici\u2014alla serenit\u00e0 della campagna. Ci sposteremo a Zaanse Schans, il pittoresco villaggio dei mulini a vento e delle case verdi, dove il tempo si \u00e8 fermato. Storia, modernit\u00e0 e natura in due giorni intensi. Pronti a scoprire l&#8217;anima pi\u00f9 autentica e fiabesca dei Paesi Bassi?<\/p>\n","protected":false},"author":4,"featured_media":5627,"comment_status":"open","ping_status":"open","template":"","destination":[104],"activities":[71,72],"trip_types":[46,47,114],"difficulty":[57],"trip_tag":[92,82,90,78,91,89,93,94],"class_list":["post-7346","trip","type-trip","status-publish","has-post-thumbnail","hentry","destination-amsterdam","activities-gruppo","activities-individuale","trip_types-travel","trip_types-rainbow","trip_types-sin-hombre","difficulty-easy","trip_tag-azzurraviaggi","trip_tag-azzurraviaggintour","trip_tag-azzurraviaggitour","trip_tag-gruppiazzurraviaggi","trip_tag-inviaggioconazzurra","trip_tag-ponteimmacolata","trip_tag-rainbowtravel","trip_tag-rt"],"packages_ids":[7347],"trip_extras":[0],"cut_off_time":{"enabled":false,"duration":0,"duration_unit":"days"},"booked-seats":[],"trip_extra_services":{},"acf":[],"yoast_head":"<!-- This site is optimized with the Yoast SEO plugin v25.5 - https:\/\/yoast.com\/wordpress\/plugins\/seo\/ -->\n<title>SPECIALE PARTENZA DI GRUPPO AZZURRA VIAGGI - AMSTERDAM &amp; Zaanse Scaans dal 13 al 15 Marzo 2026 - AZZURRA VIAGGI<\/title>\n<meta name=\"robots\" content=\"index, follow, max-snippet:-1, max-image-preview:large, max-video-preview:-1\" \/>\n<link rel=\"canonical\" href=\"https:\/\/azzurraviaggi.it\/it\/viaggio\/speciale-partenza-di-gruppo-azzurra-viaggi-amsterdam-zaanse-scaans-dal-13-al-15-marzo-2026\/\" \/>\n<meta property=\"og:locale\" content=\"it_IT\" \/>\n<meta property=\"og:type\" content=\"article\" \/>\n<meta property=\"og:title\" content=\"SPECIALE PARTENZA DI GRUPPO AZZURRA VIAGGI - AMSTERDAM &amp; Zaanse Scaans dal 13 al 15 Marzo 2026 - AZZURRA VIAGGI\" \/>\n<meta property=\"og:description\" content=\"Regalatevi un weekend di contrasti unici Un viaggio indimenticabile che unisce la vibrante energia di Amsterdam\u2014tra arte, design e canali iconici\u2014alla serenit\u00e0 della campagna. Ci sposteremo a Zaanse Schans, il pittoresco villaggio dei mulini a vento e delle case verdi, dove il tempo si \u00e8 fermato. Storia, modernit\u00e0 e natura in due giorni intensi. Pronti a scoprire l&#039;anima pi\u00f9 autentica e fiabesca dei Paesi Bassi?\" \/>\n<meta property=\"og:url\" content=\"https:\/\/azzurraviaggi.it\/it\/viaggio\/speciale-partenza-di-gruppo-azzurra-viaggi-amsterdam-zaanse-scaans-dal-13-al-15-marzo-2026\/\" \/>\n<meta property=\"og:site_name\" content=\"AZZURRA VIAGGI\" \/>\n<meta property=\"article:modified_time\" content=\"2025-12-03T18:27:35+00:00\" \/>\n<meta property=\"og:image\" content=\"https:\/\/azzurraviaggi.it\/wp-content\/uploads\/2023\/09\/amsterdam3-1024x577.png\" \/>\n\t<meta property=\"og:image:width\" content=\"1024\" \/>\n\t<meta property=\"og:image:height\" content=\"577\" \/>\n\t<meta property=\"og:image:type\" content=\"image\/png\" \/>\n<meta name=\"twitter:card\" content=\"summary_large_image\" \/>\n<meta name=\"twitter:label1\" content=\"Tempo di lettura stimato\" \/>\n\t<meta name=\"twitter:data1\" content=\"3 minuti\" \/>\n<script type=\"application\/ld+json\" class=\"yoast-schema-graph\">{\"@context\":\"https:\/\/schema.org\",\"@graph\":[{\"@type\":\"WebPage\",\"@id\":\"https:\/\/azzurraviaggi.it\/it\/viaggio\/speciale-partenza-di-gruppo-azzurra-viaggi-amsterdam-zaanse-scaans-dal-13-al-15-marzo-2026\/\",\"url\":\"https:\/\/azzurraviaggi.it\/it\/viaggio\/speciale-partenza-di-gruppo-azzurra-viaggi-amsterdam-zaanse-scaans-dal-13-al-15-marzo-2026\/\",\"name\":\"SPECIALE PARTENZA DI GRUPPO AZZURRA VIAGGI - AMSTERDAM &amp; Zaanse Scaans dal 13 al 15 Marzo 2026 - AZZURRA VIAGGI\",\"isPartOf\":{\"@id\":\"https:\/\/azzurraviaggi.it\/it\/#website\"},\"primaryImageOfPage\":{\"@id\":\"https:\/\/azzurraviaggi.it\/it\/viaggio\/speciale-partenza-di-gruppo-azzurra-viaggi-amsterdam-zaanse-scaans-dal-13-al-15-marzo-2026\/#primaryimage\"},\"image\":{\"@id\":\"https:\/\/azzurraviaggi.it\/it\/viaggio\/speciale-partenza-di-gruppo-azzurra-viaggi-amsterdam-zaanse-scaans-dal-13-al-15-marzo-2026\/#primaryimage\"},\"thumbnailUrl\":\"https:\/\/azzurraviaggi.it\/wp-content\/uploads\/2023\/09\/amsterdam3.png\",\"datePublished\":\"2025-12-03T18:11:21+00:00\",\"dateModified\":\"2025-12-03T18:27:35+00:00\",\"breadcrumb\":{\"@id\":\"https:\/\/azzurraviaggi.it\/it\/viaggio\/speciale-partenza-di-gruppo-azzurra-viaggi-amsterdam-zaanse-scaans-dal-13-al-15-marzo-2026\/#breadcrumb\"},\"inLanguage\":\"it-IT\",\"potentialAction\":[{\"@type\":\"ReadAction\",\"target\":[\"https:\/\/azzurraviaggi.it\/it\/viaggio\/speciale-partenza-di-gruppo-azzurra-viaggi-amsterdam-zaanse-scaans-dal-13-al-15-marzo-2026\/\"]}]},{\"@type\":\"ImageObject\",\"inLanguage\":\"it-IT\",\"@id\":\"https:\/\/azzurraviaggi.it\/it\/viaggio\/speciale-partenza-di-gruppo-azzurra-viaggi-amsterdam-zaanse-scaans-dal-13-al-15-marzo-2026\/#primaryimage\",\"url\":\"https:\/\/azzurraviaggi.it\/wp-content\/uploads\/2023\/09\/amsterdam3.png\",\"contentUrl\":\"https:\/\/azzurraviaggi.it\/wp-content\/uploads\/2023\/09\/amsterdam3.png\",\"width\":1640,\"height\":924},{\"@type\":\"BreadcrumbList\",\"@id\":\"https:\/\/azzurraviaggi.it\/it\/viaggio\/speciale-partenza-di-gruppo-azzurra-viaggi-amsterdam-zaanse-scaans-dal-13-al-15-marzo-2026\/#breadcrumb\",\"itemListElement\":[{\"@type\":\"ListItem\",\"position\":1,\"name\":\"Home\",\"item\":\"https:\/\/azzurraviaggi.it\/it\/\"},{\"@type\":\"ListItem\",\"position\":2,\"name\":\"Trips\",\"item\":\"https:\/\/azzurraviaggi.it\/it\/viaggio\/\"},{\"@type\":\"ListItem\",\"position\":3,\"name\":\"SPECIALE PARTENZA DI GRUPPO AZZURRA VIAGGI &#8211; AMSTERDAM &amp; Zaanse Scaans dal 13 al 15 Marzo 2026\"}]},{\"@type\":\"WebSite\",\"@id\":\"https:\/\/azzurraviaggi.it\/it\/#website\",\"url\":\"https:\/\/azzurraviaggi.it\/it\/\",\"name\":\"AZZURRA VIAGGI\",\"description\":\"\",\"publisher\":{\"@id\":\"https:\/\/azzurraviaggi.it\/it\/#organization\"},\"potentialAction\":[{\"@type\":\"SearchAction\",\"target\":{\"@type\":\"EntryPoint\",\"urlTemplate\":\"https:\/\/azzurraviaggi.it\/it\/?s={search_term_string}\"},\"query-input\":{\"@type\":\"PropertyValueSpecification\",\"valueRequired\":true,\"valueName\":\"search_term_string\"}}],\"inLanguage\":\"it-IT\"},{\"@type\":\"Organization\",\"@id\":\"https:\/\/azzurraviaggi.it\/it\/#organization\",\"name\":\"AZZURRA VIAGGI\",\"url\":\"https:\/\/azzurraviaggi.it\/it\/\",\"logo\":{\"@type\":\"ImageObject\",\"inLanguage\":\"it-IT\",\"@id\":\"https:\/\/azzurraviaggi.it\/it\/#\/schema\/logo\/image\/\",\"url\":\"https:\/\/azzurraviaggi.it\/wp-content\/uploads\/2023\/07\/AZZURRA-VIAGGI_pictogram-1.png\",\"contentUrl\":\"https:\/\/azzurraviaggi.it\/wp-content\/uploads\/2023\/07\/AZZURRA-VIAGGI_pictogram-1.png\",\"width\":332,\"height\":300,\"caption\":\"AZZURRA VIAGGI\"},\"image\":{\"@id\":\"https:\/\/azzurraviaggi.it\/it\/#\/schema\/logo\/image\/\"}}]}<\/script>\n<!-- \/ Yoast SEO plugin. -->","yoast_head_json":{"title":"SPECIALE PARTENZA DI GRUPPO AZZURRA VIAGGI - AMSTERDAM &amp; Zaanse Scaans dal 13 al 15 Marzo 2026 - AZZURRA VIAGGI","robots":{"index":"index","follow":"follow","max-snippet":"max-snippet:-1","max-image-preview":"max-image-preview:large","max-video-preview":"max-video-preview:-1"},"canonical":"https:\/\/azzurraviaggi.it\/it\/viaggio\/speciale-partenza-di-gruppo-azzurra-viaggi-amsterdam-zaanse-scaans-dal-13-al-15-marzo-2026\/","og_locale":"it_IT","og_type":"article","og_title":"SPECIALE PARTENZA DI GRUPPO AZZURRA VIAGGI - AMSTERDAM &amp; Zaanse Scaans dal 13 al 15 Marzo 2026 - AZZURRA VIAGGI","og_description":"Regalatevi un weekend di contrasti unici Un viaggio indimenticabile che unisce la vibrante energia di Amsterdam\u2014tra arte, design e canali iconici\u2014alla serenit\u00e0 della campagna. Ci sposteremo a Zaanse Schans, il pittoresco villaggio dei mulini a vento e delle case verdi, dove il tempo si \u00e8 fermato. Storia, modernit\u00e0 e natura in due giorni intensi. Pronti a scoprire l'anima pi\u00f9 autentica e fiabesca dei Paesi Bassi?","og_url":"https:\/\/azzurraviaggi.it\/it\/viaggio\/speciale-partenza-di-gruppo-azzurra-viaggi-amsterdam-zaanse-scaans-dal-13-al-15-marzo-2026\/","og_site_name":"AZZURRA VIAGGI","article_modified_time":"2025-12-03T18:27:35+00:00","og_image":[{"width":1024,"height":577,"url":"https:\/\/azzurraviaggi.it\/wp-content\/uploads\/2023\/09\/amsterdam3-1024x577.png","type":"image\/png"}],"twitter_card":"summary_large_image","twitter_misc":{"Tempo di lettura stimato":"3 minuti"},"schema":{"@context":"https:\/\/schema.org","@graph":[{"@type":"WebPage","@id":"https:\/\/azzurraviaggi.it\/it\/viaggio\/speciale-partenza-di-gruppo-azzurra-viaggi-amsterdam-zaanse-scaans-dal-13-al-15-marzo-2026\/","url":"https:\/\/azzurraviaggi.it\/it\/viaggio\/speciale-partenza-di-gruppo-azzurra-viaggi-amsterdam-zaanse-scaans-dal-13-al-15-marzo-2026\/","name":"SPECIALE PARTENZA DI GRUPPO AZZURRA VIAGGI - AMSTERDAM &amp; Zaanse Scaans dal 13 al 15 Marzo 2026 - AZZURRA VIAGGI","isPartOf":{"@id":"https:\/\/azzurraviaggi.it\/it\/#website"},"primaryImageOfPage":{"@id":"https:\/\/azzurraviaggi.it\/it\/viaggio\/speciale-partenza-di-gruppo-azzurra-viaggi-amsterdam-zaanse-scaans-dal-13-al-15-marzo-2026\/#primaryimage"},"image":{"@id":"https:\/\/azzurraviaggi.it\/it\/viaggio\/speciale-partenza-di-gruppo-azzurra-viaggi-amsterdam-zaanse-scaans-dal-13-al-15-marzo-2026\/#primaryimage"},"thumbnailUrl":"https:\/\/azzurraviaggi.it\/wp-content\/uploads\/2023\/09\/amsterdam3.png","datePublished":"2025-12-03T18:11:21+00:00","dateModified":"2025-12-03T18:27:35+00:00","breadcrumb":{"@id":"https:\/\/azzurraviaggi.it\/it\/viaggio\/speciale-partenza-di-gruppo-azzurra-viaggi-amsterdam-zaanse-scaans-dal-13-al-15-marzo-2026\/#breadcrumb"},"inLanguage":"it-IT","potentialAction":[{"@type":"ReadAction","target":["https:\/\/azzurraviaggi.it\/it\/viaggio\/speciale-partenza-di-gruppo-azzurra-viaggi-amsterdam-zaanse-scaans-dal-13-al-15-marzo-2026\/"]}]},{"@type":"ImageObject","inLanguage":"it-IT","@id":"https:\/\/azzurraviaggi.it\/it\/viaggio\/speciale-partenza-di-gruppo-azzurra-viaggi-amsterdam-zaanse-scaans-dal-13-al-15-marzo-2026\/#primaryimage","url":"https:\/\/azzurraviaggi.it\/wp-content\/uploads\/2023\/09\/amsterdam3.png","contentUrl":"https:\/\/azzurraviaggi.it\/wp-content\/uploads\/2023\/09\/amsterdam3.png","width":1640,"height":924},{"@type":"BreadcrumbList","@id":"https:\/\/azzurraviaggi.it\/it\/viaggio\/speciale-partenza-di-gruppo-azzurra-viaggi-amsterdam-zaanse-scaans-dal-13-al-15-marzo-2026\/#breadcrumb","itemListElement":[{"@type":"ListItem","position":1,"name":"Home","item":"https:\/\/azzurraviaggi.it\/it\/"},{"@type":"ListItem","position":2,"name":"Trips","item":"https:\/\/azzurraviaggi.it\/it\/viaggio\/"},{"@type":"ListItem","position":3,"name":"SPECIALE PARTENZA DI GRUPPO AZZURRA VIAGGI &#8211; AMSTERDAM &amp; Zaanse Scaans dal 13 al 15 Marzo 2026"}]},{"@type":"WebSite","@id":"https:\/\/azzurraviaggi.it\/it\/#website","url":"https:\/\/azzurraviaggi.it\/it\/","name":"AZZURRA VIAGGI","description":"","publisher":{"@id":"https:\/\/azzurraviaggi.it\/it\/#organization"},"potentialAction":[{"@type":"SearchAction","target":{"@type":"EntryPoint","urlTemplate":"https:\/\/azzurraviaggi.it\/it\/?s={search_term_string}"},"query-input":{"@type":"PropertyValueSpecification","valueRequired":true,"valueName":"search_term_string"}}],"inLanguage":"it-IT"},{"@type":"Organization","@id":"https:\/\/azzurraviaggi.it\/it\/#organization","name":"AZZURRA VIAGGI","url":"https:\/\/azzurraviaggi.it\/it\/","logo":{"@type":"ImageObject","inLanguage":"it-IT","@id":"https:\/\/azzurraviaggi.it\/it\/#\/schema\/logo\/image\/","url":"https:\/\/azzurraviaggi.it\/wp-content\/uploads\/2023\/07\/AZZURRA-VIAGGI_pictogram-1.png","contentUrl":"https:\/\/azzurraviaggi.it\/wp-content\/uploads\/2023\/07\/AZZURRA-VIAGGI_pictogram-1.png","width":332,"height":300,"caption":"AZZURRA VIAGGI"},"image":{"@id":"https:\/\/azzurraviaggi.it\/it\/#\/schema\/logo\/image\/"}}]}},"code":"WTE-5063","price":795,"has_sale":false,"sale_price":0,"discount_percent":0,"currency":{"code":"EUR","symbol":"&euro;"},"duration":{"days":3,"nights":2,"duration_unit":"days","duration_type":"both"},"primary_category":51,"available_times":{"type":"default","items":["2021-1-01","2021-2-01","2021-3-01","2021-4-01","2021-5-01","2021-6-01","2021-7-01","2021-8-01","2021-9-01","2021-10-01","2021-11-01","2021-12-01"]},"min_pax":10,"max_pax":16,"description":"<blockquote>\n<p>I tour di gruppo targati #azzurraviaggi sono pensati per tutti coloro che sognano di viaggiare e scoprire il modo senza nessun pensiero o preoccupazione, avendo sempre una persona di riferimento per tutta la durata della vacanza o del tour e , anche se si parte da soli si finisce per ritrovarsi poi circondati da amici tra risate e divertimento, ottimizzando ogni momento della tua vacanza!<\/p>\n<\/blockquote>\n<p><strong>PUNTI DI FORZA:<\/strong><\/p>\n<ul>\n<li>Toglie tutti i pensieri<\/li>\n<li>Parti da solo ma non sei da solo<\/li>\n<li>Incentiva nuove amicizie<\/li>\n<li>Ottimizza i tempi<\/li>\n<li>Hai sempre una persona di riferimento prima, dopo e durante la vacanza<\/li>\n<li>Si possono scoprire quei luoghi o quelle destinazioni che da soli non si prenderebbero nemmeno in considerazione<\/li>\n<li>Risparmi grazie a tariffe ad hoc<\/li>\n<\/ul>","cost_includes":"Volo da Venezia con solo bagaglio a mano\nTrasferimento da e per l'aeroporto di Amsterdam\nSoggiorno di 3 giorni \/ 2 notti in hotel 4* in pernottamento e prima colazione\nEscursione di un intera giornata a Giethoorn, La piccola Venezia\nAssistente AZZURRA VIAGGI a disposizione per tutta la durata del viaggio.\n*Quota in camera doppia","cost_excludes":"** Tasse aeroportuali soggette a riconferma al momento della prenotazione\nCrociera facoltativa \u20ac 20 pp\nTutto quanto non indicato ne \" La quota comprende\"","itineraries":[{"title":"GIORNO 1","content":"<p data-path-to-node=\"3\">Incontro con il vostro accompagnatore <b>Azzurra Viaggi<\/b> presso l'aeroporto di Venezia (o altro aeroporto) all'orario prefissato per l'imbarco.<\/p>\n<p data-path-to-node=\"4\">All'arrivo, trasferimento in pullman riservato verso l'hotel e sistemazione nelle camere.<\/p>\n<p data-path-to-node=\"5\">Nel pomeriggio, inizieremo subito l'esplorazione: una suggestiva passeggiata guidata tra le vie della citt\u00e0, seguita da un'imperdibile <b>crociera in barca di un'ora<\/b> tra i suoi canali. Ammireremo la sua bellezza unica dal punto di vista privilegiato dell'acqua.<\/p>\n<p data-path-to-node=\"6\">Serata a disposizione per la cena libera e pernottamento in hotel.<\/p>"},{"title":"GIORNO 2","content":"<!-- wp:paragraph -->\n<p>Dopo la colazione partenza dal centro di Amsterdam alla volta di Zaanse Schans. Lasciatevi trasportare in uno scenario da fiaba: a Zaanse Schans vi aspetta il <strong>battito storico dei mulini a vento<\/strong> e il profumo di legno antico. Navigheremo tra le casette verdi incantate dove la storia olandese prende vita. Un'esperienza che coinvolge i sensi, dove toccherete la tradizione nel laboratorio degli zoccoli (<em>klompen<\/em>) e delizierete il palato con una ricca <strong>degustazione di formaggi locali<\/strong>, scoprendo i sapori pi\u00f9 autentici di questa terra. <\/p>\n<!-- \/wp:paragraph -->\n\n<!-- wp:paragraph -->\n<p>Rientro ad Amsterdam <br>Cena libera e pernottamento in hotel<\/p>\n<!-- \/wp:paragraph -->"},{"title":"AMSTERDAM VENEZIA","content":"<!-- wp:paragraph -->\n<p>In mattinata, dopo la colazione,\u00a0 continueremo la nostra passeggiata per la citt\u00e0 tra i quartieri piu famosi senza farci mancare qualche momento per lo shopping .<\/p>\n<!-- \/wp:paragraph -->\n\n<!-- wp:paragraph -->\n<p>Pranzo libero.<\/p>\n<!-- \/wp:paragraph -->\n\n<!-- wp:paragraph -->\n<p>In serata&nbsp; trasferimento all'orario riconfermato dall'hotel all' Aeroporto.<\/p>\n<!-- \/wp:paragraph -->\n\n<!-- wp:paragraph -->\n<p>Partenza per Venezia.<\/p>\n<!-- \/wp:paragraph -->\n\n<!-- wp:paragraph -->\n<p>Saluti e fine dei servizi.<\/p>\n<!-- \/wp:paragraph -->"}],"faqs":[],"is_featured":false,"trip_reviews":{"reviews":[],"average":0,"count":0},"featured_image":{"width":1640,"height":924,"file":"2023\/09\/amsterdam3.png","filesize":3414745,"sizes":{"medium":{"file":"amsterdam3-300x169.png","width":300,"height":169,"filesize":117825,"mime_type":"image\/png","source_url":"https:\/\/azzurraviaggi.it\/wp-content\/uploads\/2023\/09\/amsterdam3-300x169.png"},"large":{"file":"amsterdam3-1024x577.png","width":1024,"height":577,"filesize":1259199,"mime_type":"image\/png","source_url":"https:\/\/azzurraviaggi.it\/wp-content\/uploads\/2023\/09\/amsterdam3-1024x577.png"},"thumbnail":{"file":"amsterdam3-150x150.png","width":150,"height":150,"filesize":50903,"mime_type":"image\/png","source_url":"https:\/\/azzurraviaggi.it\/wp-content\/uploads\/2023\/09\/amsterdam3-150x150.png"},"medium_large":{"file":"amsterdam3-768x433.png","width":768,"height":433,"filesize":723828,"mime_type":"image\/png","source_url":"https:\/\/azzurraviaggi.it\/wp-content\/uploads\/2023\/09\/amsterdam3-768x433.png"},"trip-thumb-size":{"file":"amsterdam3-374x226.png","width":374,"height":226,"filesize":192032,"mime_type":"image\/png","source_url":"https:\/\/azzurraviaggi.it\/wp-content\/uploads\/2023\/09\/amsterdam3-374x226.png"},"destination-thumb-size":{"file":"amsterdam3-600x810.png","width":600,"height":810,"filesize":881919,"mime_type":"image\/png","source_url":"https:\/\/azzurraviaggi.it\/wp-content\/uploads\/2023\/09\/amsterdam3-600x810.png"},"destination-thumb-trip-size":{"file":"amsterdam3-410x250.png","width":410,"height":250,"filesize":231160,"mime_type":"image\/png","source_url":"https:\/\/azzurraviaggi.it\/wp-content\/uploads\/2023\/09\/amsterdam3-410x250.png"},"activities-thumb-size":{"file":"amsterdam3-600x810.png","width":600,"height":810,"filesize":881919,"mime_type":"image\/png","source_url":"https:\/\/azzurraviaggi.it\/wp-content\/uploads\/2023\/09\/amsterdam3-600x810.png"},"trip-single-size":{"file":"amsterdam3-990x490.png","width":990,"height":490,"filesize":1057146,"mime_type":"image\/png","source_url":"https:\/\/azzurraviaggi.it\/wp-content\/uploads\/2023\/09\/amsterdam3-990x490.png"},"1536x1536":{"file":"amsterdam3-1536x865.png","width":1536,"height":865,"filesize":2725806,"mime_type":"image\/png","source_url":"https:\/\/azzurraviaggi.it\/wp-content\/uploads\/2023\/09\/amsterdam3-1536x865.png"},"wte-embed-list-image":{"file":"amsterdam3-252x200.png","width":252,"height":200,"filesize":112351,"mime_type":"image\/png","source_url":"https:\/\/azzurraviaggi.it\/wp-content\/uploads\/2023\/09\/amsterdam3-252x200.png"},"wte-embed-grid-image":{"file":"amsterdam3-400x300.png","width":400,"height":300,"filesize":260839,"mime_type":"image\/png","source_url":"https:\/\/azzurraviaggi.it\/wp-content\/uploads\/2023\/09\/amsterdam3-400x300.png"},"full":{"file":"amsterdam3.png","width":1640,"height":924,"source_url":"https:\/\/azzurraviaggi.it\/wp-content\/uploads\/2023\/09\/amsterdam3.png"}},"image_meta":{"aperture":"0","credit":"","camera":"","caption":"","created_timestamp":"0","copyright":"","focal_length":"0","iso":"0","shutter_speed":"0","title":"","orientation":"0","keywords":[]}},"_links":{"self":[{"href":"https:\/\/azzurraviaggi.it\/it\/wp-json\/wp\/v2\/trip\/7346","targetHints":{"allow":["GET"]}}],"collection":[{"href":"https:\/\/azzurraviaggi.it\/it\/wp-json\/wp\/v2\/trip"}],"about":[{"href":"https:\/\/azzurraviaggi.it\/it\/wp-json\/wp\/v2\/types\/trip"}],"author":[{"embeddable":true,"href":"https:\/\/azzurraviaggi.it\/it\/wp-json\/wp\/v2\/users\/4"}],"replies":[{"embeddable":true,"href":"https:\/\/azzurraviaggi.it\/it\/wp-json\/wp\/v2\/comments?post=7346"}],"version-history":[{"count":1,"href":"https:\/\/azzurraviaggi.it\/it\/wp-json\/wp\/v2\/trip\/7346\/revisions"}],"predecessor-version":[{"id":7348,"href":"https:\/\/azzurraviaggi.it\/it\/wp-json\/wp\/v2\/trip\/7346\/revisions\/7348"}],"wp:featuredmedia":[{"embeddable":true,"href":"https:\/\/azzurraviaggi.it\/it\/wp-json\/wp\/v2\/media\/5627"}],"wp:attachment":[{"href":"https:\/\/azzurraviaggi.it\/it\/wp-json\/wp\/v2\/media?parent=7346"}],"wp:term":[{"taxonomy":"destination","embeddable":true,"href":"https:\/\/azzurraviaggi.it\/it\/wp-json\/wp\/v2\/destination?post=7346"},{"taxonomy":"activities","embeddable":true,"href":"https:\/\/azzurraviaggi.it\/it\/wp-json\/wp\/v2\/activities?post=7346"},{"taxonomy":"trip_types","embeddable":true,"href":"https:\/\/azzurraviaggi.it\/it\/wp-json\/wp\/v2\/trip_types?post=7346"},{"taxonomy":"difficulty","embeddable":true,"href":"https:\/\/azzurraviaggi.it\/it\/wp-json\/wp\/v2\/difficulty?post=7346"},{"taxonomy":"trip_tag","embeddable":true,"href":"https:\/\/azzurraviaggi.it\/it\/wp-json\/wp\/v2\/trip_tag?post=7346"}],"curies":[{"name":"wp","href":"https:\/\/api.w.org\/{rel}","templated":true}]}}